{"id":401,"date":"2024-09-23T11:47:27","date_gmt":"2024-09-23T09:47:27","guid":{"rendered":"https:\/\/www.rachelcomportementaliste.fr\/?page_id=401"},"modified":"2025-10-19T20:18:49","modified_gmt":"2025-10-19T18:18:49","slug":"qui-suis-je","status":"publish","type":"page","link":"https:\/\/www.rachelcomportementaliste.fr\/index.php\/qui-suis-je\/","title":{"rendered":"Qui suis-je ?"},"content":{"rendered":"\n<div class=\"wp-block-group alignfull has-mono-4-background-color has-background has-global-padding is-layout-constrained wp-container-core-group-is-layout-4584d913 wp-block-group-is-layout-constrained\" style=\"margin-top:0;margin-bottom:0;padding-top:var(--wp--preset--spacing--superbspacing-large);padding-right:var(--wp--preset--spacing--superbspacing-small);padding-bottom:var(--wp--preset--spacing--superbspacing-large);padding-left:var(--wp--preset--spacing--superbspacing-small)\">\n<figure class=\"wp-block-image alignwide size-large has-custom-border\"><img fetchpriority=\"high\" decoding=\"async\" width=\"1024\" height=\"681\" src=\"https:\/\/www.rachelcomportementaliste.fr\/wp-content\/uploads\/2024\/09\/DSC_0905-1024x681.jpg\" alt=\"\" class=\"wp-image-382\" style=\"border-radius:8px\" srcset=\"https:\/\/www.rachelcomportementaliste.fr\/wp-content\/uploads\/2024\/09\/DSC_0905-1024x681.jpg 1024w, https:\/\/www.rachelcomportementaliste.fr\/wp-content\/uploads\/2024\/09\/DSC_0905-300x200.jpg 300w, https:\/\/www.rachelcomportementaliste.fr\/wp-content\/uploads\/2024\/09\/DSC_0905-768x511.jpg 768w, https:\/\/www.rachelcomportementaliste.fr\/wp-content\/uploads\/2024\/09\/DSC_0905-1536x1022.jpg 1536w, https:\/\/www.rachelcomportementaliste.fr\/wp-content\/uploads\/2024\/09\/DSC_0905-2048x1363.jpg 2048w\" sizes=\"(max-width: 1024px) 100vw, 1024px\" \/><\/figure>\n\n\n\n<div class=\"wp-block-columns alignwide is-layout-flex wp-container-core-columns-is-layout-25593187 wp-block-columns-is-layout-flex\">\n<div class=\"wp-block-column is-vertically-aligned-center is-layout-flow wp-container-core-column-is-layout-a1628350 wp-block-column-is-layout-flow\" style=\"padding-top:0;padding-right:0;padding-bottom:0;padding-left:0\">\n<p class=\"has-text-align-center has-secondary-color has-text-color has-superbfont-small-font-size\">Passionn\u00e9e depuis mon plus jeune \u00e2ge par le monde \u00e9quin, j&rsquo;ai d\u00e9couvert le cheval et l&rsquo;\u00e9quitation en centre \u00e9questre. Ce que j&rsquo;aimais \u00e0 cette \u00e9poque : monter \u00e0 cheval.<br><br>Au fur et \u00e0 mesure du temps et de mes rencontres, je ne me retrouvais plus vraiment dans cette m\u00e9thode dite \u00ab\u00a0classique\u00a0\u00bb. Je voulais trouver du sens \u00e0 ce que je faisais, comprendre le cheval et ses \u00e9motions, et surtout pouvoir non pas le \u00ab\u00a0dompter\u00a0\u00bb mais cr\u00e9er un lien avec lui.<br>Par la suite, j&rsquo;ai d\u00e9couvert le spectacle \u00e9questre, et notamment le travail en libert\u00e9. Mais des \u00e9l\u00e9ments me manquaient pour pouvoir \u00e9voluer.<br><br>J&rsquo;ai donc suivi pendant un an la formation de comportementaliste \u00e9quin Equitalliance. J&rsquo;ai d\u00e9couvert une approche totalement diff\u00e9rente de ce que je connaissais jusqu&rsquo;\u00e0 pr\u00e9sent.<br>En alliant \u00e9nerg\u00e9tique, \u00e9thologie scientifique et \u00e9ducation du cheval en renforcement positif, j&rsquo;ai vu un r\u00e9el changement dans ma pratique et le comportement des chevaux.<br>Aujourd&rsquo;hui, je souhaite partager mon exp\u00e9rience et aider professionnels et particuliers \u00e0 avoir une autre approche du cheval.<\/p>\n<\/div>\n<\/div>\n\n\n\n<h6 class=\"wp-block-heading has-text-align-center has-contrast-dark-color has-text-color has-link-color has-superbfont-small-font-size wp-elements-1e936dc1a385ca61c81f9264aed2a883\">\u00ab Un cheval pense, ressent les choses, prend des d\u00e9cisions. Traitez-le comme un ami non comme un esclave. \u00bb<br>Ray Hunt<\/h6>\n<\/div>\n\n\n\n<h2 class=\"wp-block-heading has-text-align-center has-superbfont-xxlarge-font-size\">Mes partenaires de vie<\/h2>\n\n\n\n<h6 class=\"wp-block-heading has-text-align-center has-superbfont-small-font-size\">\u00ab&nbsp;Votre cheval vous ressemble comme votre reflet dans un miroir.&nbsp;\u00bb<br>John Lyons<\/h6>\n\n\n\n<div class=\"wp-block-group has-base-background-color has-background has-global-padding is-layout-constrained wp-block-group-is-layout-constrained\">\n<figure class=\"wp-block-image alignfull size-full\"><img decoding=\"async\" width=\"604\" height=\"453\" src=\"https:\/\/www.rachelcomportementaliste.fr\/wp-content\/uploads\/2024\/09\/19761_1340686523453_700805_n.jpg\" alt=\"\" class=\"wp-image-65\" srcset=\"https:\/\/www.rachelcomportementaliste.fr\/wp-content\/uploads\/2024\/09\/19761_1340686523453_700805_n.jpg 604w, https:\/\/www.rachelcomportementaliste.fr\/wp-content\/uploads\/2024\/09\/19761_1340686523453_700805_n-300x225.jpg 300w\" sizes=\"(max-width: 604px) 100vw, 604px\" \/><\/figure>\n\n\n\n<h4 class=\"wp-block-heading has-text-align-center has-superbfont-large-font-size\">Maharadjah<\/h4>\n\n\n\n<h4 class=\"wp-block-heading has-text-align-center\">Mon pilier<\/h4>\n\n\n\n<p class=\"has-text-align-center\">Maharadjah est mon premier cheval qui m&rsquo;accompagne depuis mon adolescence. J&rsquo;ai grandi et \u00e9volu\u00e9 \u00e0 ses c\u00f4t\u00e9s. On a partag\u00e9 de beaux moments comme en balade o\u00f9 l&rsquo;on faisait des grandes lignes de galop \u00e0 en pleurer tellement qu&rsquo;il allait vite! Tellement de choses v\u00e9cues \u00e0 ses c\u00f4t\u00e9s en font de lui mon fid\u00e8le compagnon de c\u0153ur.<br>Aujourd\u2019hui, sa sant\u00e9 et son \u00e2ge font qu&rsquo;il passe sa plus belle retraite au pr\u00e9 avec ses copines.<\/p>\n<\/div>\n\n\n\n<div class=\"wp-block-group has-mono-4-background-color has-background has-global-padding is-layout-constrained wp-block-group-is-layout-constrained\">\n<figure class=\"wp-block-image aligncenter size-large\"><img decoding=\"async\" width=\"678\" height=\"1024\" src=\"https:\/\/www.rachelcomportementaliste.fr\/wp-content\/uploads\/2024\/10\/WhatsApp-Image-2024-10-13-at-23.04.17-678x1024.jpeg\" alt=\"\" class=\"wp-image-474\" srcset=\"https:\/\/www.rachelcomportementaliste.fr\/wp-content\/uploads\/2024\/10\/WhatsApp-Image-2024-10-13-at-23.04.17-678x1024.jpeg 678w, https:\/\/www.rachelcomportementaliste.fr\/wp-content\/uploads\/2024\/10\/WhatsApp-Image-2024-10-13-at-23.04.17-199x300.jpeg 199w, https:\/\/www.rachelcomportementaliste.fr\/wp-content\/uploads\/2024\/10\/WhatsApp-Image-2024-10-13-at-23.04.17-768x1159.jpeg 768w, https:\/\/www.rachelcomportementaliste.fr\/wp-content\/uploads\/2024\/10\/WhatsApp-Image-2024-10-13-at-23.04.17-1018x1536.jpeg 1018w, https:\/\/www.rachelcomportementaliste.fr\/wp-content\/uploads\/2024\/10\/WhatsApp-Image-2024-10-13-at-23.04.17.jpeg 1060w\" sizes=\"(max-width: 678px) 100vw, 678px\" \/><\/figure>\n\n\n\n<h4 class=\"wp-block-heading has-text-align-center has-superbfont-large-font-size\">Abrazo<\/h4>\n\n\n\n<h4 class=\"wp-block-heading has-text-align-center\">Mon artiste<\/h4>\n\n\n\n<p class=\"has-text-align-center\">Abrazo alias Zozo, est un PRE, extr\u00eamement sensible. D\u00e9bourr\u00e9 en Espagne, il est arriv\u00e9 en France avec beaucoup de craintes vis \u00e0 vis de l&rsquo;homme. Souvent impr\u00e9visible, j&rsquo;ai d\u00fb revoir ma m\u00e9thode avec lui. Aujourd&rsquo;hui, je d\u00e9couvre un autre cheval, qui se r\u00e9v\u00e8le chaque jour. Avec beaucoup de douceur, il a su \u00e9voluer et reprend confiance petit \u00e0 petit. <br>Il m&rsquo;accompagne \u00e0 chaque spectacle \u00e9questre o\u00f9 nous partageons des moments inoubliables.<\/p>\n<\/div>\n\n\n\n<div class=\"wp-block-group has-base-background-color has-background has-global-padding is-layout-constrained wp-block-group-is-layout-constrained\">\n<figure class=\"wp-block-image aligncenter size-large\"><img loading=\"lazy\" decoding=\"async\" width=\"596\" height=\"1024\" src=\"https:\/\/www.rachelcomportementaliste.fr\/wp-content\/uploads\/2024\/10\/WhatsApp-Image-2024-10-13-at-23.02.15-596x1024.jpeg\" alt=\"\" class=\"wp-image-473\" srcset=\"https:\/\/www.rachelcomportementaliste.fr\/wp-content\/uploads\/2024\/10\/WhatsApp-Image-2024-10-13-at-23.02.15-596x1024.jpeg 596w, https:\/\/www.rachelcomportementaliste.fr\/wp-content\/uploads\/2024\/10\/WhatsApp-Image-2024-10-13-at-23.02.15-175x300.jpeg 175w, https:\/\/www.rachelcomportementaliste.fr\/wp-content\/uploads\/2024\/10\/WhatsApp-Image-2024-10-13-at-23.02.15-768x1320.jpeg 768w, https:\/\/www.rachelcomportementaliste.fr\/wp-content\/uploads\/2024\/10\/WhatsApp-Image-2024-10-13-at-23.02.15-894x1536.jpeg 894w, https:\/\/www.rachelcomportementaliste.fr\/wp-content\/uploads\/2024\/10\/WhatsApp-Image-2024-10-13-at-23.02.15.jpeg 1192w\" sizes=\"(max-width: 596px) 100vw, 596px\" \/><\/figure>\n\n\n\n<h4 class=\"wp-block-heading has-text-align-center has-superbfont-large-font-size\">Mushu<\/h4>\n\n\n\n<h4 class=\"wp-block-heading has-text-align-center\">Mon \u00e9ternel confident<\/h4>\n\n\n\n<p class=\"has-text-align-center\">C&rsquo;\u00e9tait mon petit sauvetage inattendu. Arriv\u00e9 \u00e0 la maison bless\u00e9 et tr\u00e8s craintif, il avait pris peu \u00e0 peu ses marques.<br>Il \u00e9tait devenu un vrai petit poney joueur et filou. Lorsque Mushu passait, les carottes tr\u00e9passaient! C&rsquo;\u00e9tait ma boule d&rsquo;amour que j&rsquo;initiais petit \u00e0 petit \u00e0 la libert\u00e9 afin qu&rsquo;il puisse m&rsquo;accompagner dans des futurs spectacles.<br>Malheureusement, mon petit Mushu a rejoint les \u00e9toiles bien trop t\u00f4t. <br>Mon petit poney magique restera \u00e0 jamais dans mon c\u0153ur ainsi qu&rsquo;\u00e0 ceux qui ont crois\u00e9 sa route car il ne laissait pas indiff\u00e9rent.<\/p>\n<\/div>\n\n\n\n<div class=\"wp-block-group alignfull has-mono-4-background-color has-background has-global-padding is-layout-constrained wp-block-group-is-layout-constrained\">\n<figure class=\"wp-block-image aligncenter size-large\"><img loading=\"lazy\" decoding=\"async\" width=\"1024\" height=\"683\" src=\"https:\/\/www.rachelcomportementaliste.fr\/wp-content\/uploads\/2024\/10\/7D4A0044-copie-1024x683.jpg\" alt=\"\" class=\"wp-image-486\" srcset=\"https:\/\/www.rachelcomportementaliste.fr\/wp-content\/uploads\/2024\/10\/7D4A0044-copie-1024x683.jpg 1024w, https:\/\/www.rachelcomportementaliste.fr\/wp-content\/uploads\/2024\/10\/7D4A0044-copie-300x200.jpg 300w, https:\/\/www.rachelcomportementaliste.fr\/wp-content\/uploads\/2024\/10\/7D4A0044-copie-768x512.jpg 768w, https:\/\/www.rachelcomportementaliste.fr\/wp-content\/uploads\/2024\/10\/7D4A0044-copie-1536x1024.jpg 1536w, https:\/\/www.rachelcomportementaliste.fr\/wp-content\/uploads\/2024\/10\/7D4A0044-copie-2048x1365.jpg 2048w\" sizes=\"(max-width: 1024px) 100vw, 1024px\" \/><\/figure>\n\n\n\n<h4 class=\"wp-block-heading has-text-align-center has-superbfont-large-font-size\">Khan<\/h4>\n\n\n\n<h4 class=\"wp-block-heading has-text-align-center\">Mon esprit libre<\/h4>\n\n\n\n<p class=\"has-text-align-center\">Derni\u00e8rement arriv\u00e9, Khan alias Didi, est un bel entier espagnol.<br>Il connaissait tr\u00e8s peu la vie en groupe.<br>Aujourd&rsquo;hui il vit H24 avec ses deux acolytes espagnols au pr\u00e9. Quand on le voit, il ne laisse pas indiff\u00e9rent. Il d\u00e9gage beaucoup de force et \u00e0 la fois de sagesse.<br>Un beau chemin nous attend ensemble.<\/p>\n<\/div>\n","protected":false},"excerpt":{"rendered":"<p>Passionn\u00e9e depuis mon plus jeune \u00e2ge par le monde \u00e9quin, j&rsquo;ai d\u00e9couvert le cheval et l&rsquo;\u00e9quitation en centre \u00e9questre. Ce que j&rsquo;aimais \u00e0 cette \u00e9poque : monter \u00e0 cheval. Au fur et \u00e0 mesure du temps et de mes rencontres, je ne me retrouvais plus vraiment dans cette m\u00e9thode dite \u00ab\u00a0classique\u00a0\u00bb. Je voulais trouver du [&hellip;]<\/p>\n","protected":false},"author":1,"featured_media":0,"parent":0,"menu_order":0,"comment_status":"closed","ping_status":"closed","template":"","meta":{"footnotes":""},"class_list":["post-401","page","type-page","status-publish","hentry"],"yoast_head":"<!-- This site is optimized with the Yoast SEO plugin v27.3 - https:\/\/yoast.com\/product\/yoast-seo-wordpress\/ -->\n<title>Qui suis-je ? - Rachel<\/title>\n<meta name=\"robots\" content=\"index, follow, max-snippet:-1, max-image-preview:large, max-video-preview:-1\" \/>\n<link rel=\"canonical\" href=\"https:\/\/www.rachelcomportementaliste.fr\/index.php\/qui-suis-je\/\" \/>\n<meta property=\"og:locale\" content=\"fr_FR\" \/>\n<meta property=\"og:type\" content=\"article\" \/>\n<meta property=\"og:title\" content=\"Qui suis-je ? - Rachel\" \/>\n<meta property=\"og:description\" content=\"Passionn\u00e9e depuis mon plus jeune \u00e2ge par le monde \u00e9quin, j&rsquo;ai d\u00e9couvert le cheval et l&rsquo;\u00e9quitation en centre \u00e9questre. Ce que j&rsquo;aimais \u00e0 cette \u00e9poque : monter \u00e0 cheval. Au fur et \u00e0 mesure du temps et de mes rencontres, je ne me retrouvais plus vraiment dans cette m\u00e9thode dite \u00ab\u00a0classique\u00a0\u00bb. Je voulais trouver du [&hellip;]\" \/>\n<meta property=\"og:url\" content=\"https:\/\/www.rachelcomportementaliste.fr\/index.php\/qui-suis-je\/\" \/>\n<meta property=\"og:site_name\" content=\"Rachel\" \/>\n<meta property=\"article:modified_time\" content=\"2025-10-19T18:18:49+00:00\" \/>\n<meta property=\"og:image\" content=\"https:\/\/www.rachelcomportementaliste.fr\/wp-content\/uploads\/2024\/09\/DSC_0905-scaled.jpg\" \/>\n\t<meta property=\"og:image:width\" content=\"2560\" \/>\n\t<meta property=\"og:image:height\" content=\"1703\" \/>\n\t<meta property=\"og:image:type\" content=\"image\/jpeg\" \/>\n<meta name=\"twitter:card\" content=\"summary_large_image\" \/>\n<meta name=\"twitter:label1\" content=\"Dur\u00e9e de lecture estim\u00e9e\" \/>\n\t<meta name=\"twitter:data1\" content=\"4 minutes\" \/>\n<script type=\"application\/ld+json\" class=\"yoast-schema-graph\">{\"@context\":\"https:\\\/\\\/schema.org\",\"@graph\":[{\"@type\":\"WebPage\",\"@id\":\"https:\\\/\\\/www.rachelcomportementaliste.fr\\\/index.php\\\/qui-suis-je\\\/\",\"url\":\"https:\\\/\\\/www.rachelcomportementaliste.fr\\\/index.php\\\/qui-suis-je\\\/\",\"name\":\"Qui suis-je ? - Rachel\",\"isPartOf\":{\"@id\":\"https:\\\/\\\/www.rachelcomportementaliste.fr\\\/#website\"},\"primaryImageOfPage\":{\"@id\":\"https:\\\/\\\/www.rachelcomportementaliste.fr\\\/index.php\\\/qui-suis-je\\\/#primaryimage\"},\"image\":{\"@id\":\"https:\\\/\\\/www.rachelcomportementaliste.fr\\\/index.php\\\/qui-suis-je\\\/#primaryimage\"},\"thumbnailUrl\":\"https:\\\/\\\/www.rachelcomportementaliste.fr\\\/wp-content\\\/uploads\\\/2024\\\/09\\\/DSC_0905-1024x681.jpg\",\"datePublished\":\"2024-09-23T09:47:27+00:00\",\"dateModified\":\"2025-10-19T18:18:49+00:00\",\"breadcrumb\":{\"@id\":\"https:\\\/\\\/www.rachelcomportementaliste.fr\\\/index.php\\\/qui-suis-je\\\/#breadcrumb\"},\"inLanguage\":\"fr-FR\",\"potentialAction\":[{\"@type\":\"ReadAction\",\"target\":[\"https:\\\/\\\/www.rachelcomportementaliste.fr\\\/index.php\\\/qui-suis-je\\\/\"]}]},{\"@type\":\"ImageObject\",\"inLanguage\":\"fr-FR\",\"@id\":\"https:\\\/\\\/www.rachelcomportementaliste.fr\\\/index.php\\\/qui-suis-je\\\/#primaryimage\",\"url\":\"https:\\\/\\\/www.rachelcomportementaliste.fr\\\/wp-content\\\/uploads\\\/2024\\\/09\\\/DSC_0905-scaled.jpg\",\"contentUrl\":\"https:\\\/\\\/www.rachelcomportementaliste.fr\\\/wp-content\\\/uploads\\\/2024\\\/09\\\/DSC_0905-scaled.jpg\",\"width\":2560,\"height\":1703},{\"@type\":\"BreadcrumbList\",\"@id\":\"https:\\\/\\\/www.rachelcomportementaliste.fr\\\/index.php\\\/qui-suis-je\\\/#breadcrumb\",\"itemListElement\":[{\"@type\":\"ListItem\",\"position\":1,\"name\":\"Accueil\",\"item\":\"https:\\\/\\\/www.rachelcomportementaliste.fr\\\/\"},{\"@type\":\"ListItem\",\"position\":2,\"name\":\"Qui suis-je ?\"}]},{\"@type\":\"WebSite\",\"@id\":\"https:\\\/\\\/www.rachelcomportementaliste.fr\\\/#website\",\"url\":\"https:\\\/\\\/www.rachelcomportementaliste.fr\\\/\",\"name\":\"Rachel\",\"description\":\"Comportementaliste \u00e9quin en Auvergne\",\"potentialAction\":[{\"@type\":\"SearchAction\",\"target\":{\"@type\":\"EntryPoint\",\"urlTemplate\":\"https:\\\/\\\/www.rachelcomportementaliste.fr\\\/?s={search_term_string}\"},\"query-input\":{\"@type\":\"PropertyValueSpecification\",\"valueRequired\":true,\"valueName\":\"search_term_string\"}}],\"inLanguage\":\"fr-FR\"}]}<\/script>\n<!-- \/ Yoast SEO plugin. -->","yoast_head_json":{"title":"Qui suis-je ? - Rachel","robots":{"index":"index","follow":"follow","max-snippet":"max-snippet:-1","max-image-preview":"max-image-preview:large","max-video-preview":"max-video-preview:-1"},"canonical":"https:\/\/www.rachelcomportementaliste.fr\/index.php\/qui-suis-je\/","og_locale":"fr_FR","og_type":"article","og_title":"Qui suis-je ? - Rachel","og_description":"Passionn\u00e9e depuis mon plus jeune \u00e2ge par le monde \u00e9quin, j&rsquo;ai d\u00e9couvert le cheval et l&rsquo;\u00e9quitation en centre \u00e9questre. Ce que j&rsquo;aimais \u00e0 cette \u00e9poque : monter \u00e0 cheval. Au fur et \u00e0 mesure du temps et de mes rencontres, je ne me retrouvais plus vraiment dans cette m\u00e9thode dite \u00ab\u00a0classique\u00a0\u00bb. Je voulais trouver du [&hellip;]","og_url":"https:\/\/www.rachelcomportementaliste.fr\/index.php\/qui-suis-je\/","og_site_name":"Rachel","article_modified_time":"2025-10-19T18:18:49+00:00","og_image":[{"width":2560,"height":1703,"url":"https:\/\/www.rachelcomportementaliste.fr\/wp-content\/uploads\/2024\/09\/DSC_0905-scaled.jpg","type":"image\/jpeg"}],"twitter_card":"summary_large_image","twitter_misc":{"Dur\u00e9e de lecture estim\u00e9e":"4 minutes"},"schema":{"@context":"https:\/\/schema.org","@graph":[{"@type":"WebPage","@id":"https:\/\/www.rachelcomportementaliste.fr\/index.php\/qui-suis-je\/","url":"https:\/\/www.rachelcomportementaliste.fr\/index.php\/qui-suis-je\/","name":"Qui suis-je ? - Rachel","isPartOf":{"@id":"https:\/\/www.rachelcomportementaliste.fr\/#website"},"primaryImageOfPage":{"@id":"https:\/\/www.rachelcomportementaliste.fr\/index.php\/qui-suis-je\/#primaryimage"},"image":{"@id":"https:\/\/www.rachelcomportementaliste.fr\/index.php\/qui-suis-je\/#primaryimage"},"thumbnailUrl":"https:\/\/www.rachelcomportementaliste.fr\/wp-content\/uploads\/2024\/09\/DSC_0905-1024x681.jpg","datePublished":"2024-09-23T09:47:27+00:00","dateModified":"2025-10-19T18:18:49+00:00","breadcrumb":{"@id":"https:\/\/www.rachelcomportementaliste.fr\/index.php\/qui-suis-je\/#breadcrumb"},"inLanguage":"fr-FR","potentialAction":[{"@type":"ReadAction","target":["https:\/\/www.rachelcomportementaliste.fr\/index.php\/qui-suis-je\/"]}]},{"@type":"ImageObject","inLanguage":"fr-FR","@id":"https:\/\/www.rachelcomportementaliste.fr\/index.php\/qui-suis-je\/#primaryimage","url":"https:\/\/www.rachelcomportementaliste.fr\/wp-content\/uploads\/2024\/09\/DSC_0905-scaled.jpg","contentUrl":"https:\/\/www.rachelcomportementaliste.fr\/wp-content\/uploads\/2024\/09\/DSC_0905-scaled.jpg","width":2560,"height":1703},{"@type":"BreadcrumbList","@id":"https:\/\/www.rachelcomportementaliste.fr\/index.php\/qui-suis-je\/#breadcrumb","itemListElement":[{"@type":"ListItem","position":1,"name":"Accueil","item":"https:\/\/www.rachelcomportementaliste.fr\/"},{"@type":"ListItem","position":2,"name":"Qui suis-je ?"}]},{"@type":"WebSite","@id":"https:\/\/www.rachelcomportementaliste.fr\/#website","url":"https:\/\/www.rachelcomportementaliste.fr\/","name":"Rachel","description":"Comportementaliste \u00e9quin en Auvergne","potentialAction":[{"@type":"SearchAction","target":{"@type":"EntryPoint","urlTemplate":"https:\/\/www.rachelcomportementaliste.fr\/?s={search_term_string}"},"query-input":{"@type":"PropertyValueSpecification","valueRequired":true,"valueName":"search_term_string"}}],"inLanguage":"fr-FR"}]}},"_links":{"self":[{"href":"https:\/\/www.rachelcomportementaliste.fr\/index.php\/wp-json\/wp\/v2\/pages\/401","targetHints":{"allow":["GET"]}}],"collection":[{"href":"https:\/\/www.rachelcomportementaliste.fr\/index.php\/wp-json\/wp\/v2\/pages"}],"about":[{"href":"https:\/\/www.rachelcomportementaliste.fr\/index.php\/wp-json\/wp\/v2\/types\/page"}],"author":[{"embeddable":true,"href":"https:\/\/www.rachelcomportementaliste.fr\/index.php\/wp-json\/wp\/v2\/users\/1"}],"replies":[{"embeddable":true,"href":"https:\/\/www.rachelcomportementaliste.fr\/index.php\/wp-json\/wp\/v2\/comments?post=401"}],"version-history":[{"count":38,"href":"https:\/\/www.rachelcomportementaliste.fr\/index.php\/wp-json\/wp\/v2\/pages\/401\/revisions"}],"predecessor-version":[{"id":764,"href":"https:\/\/www.rachelcomportementaliste.fr\/index.php\/wp-json\/wp\/v2\/pages\/401\/revisions\/764"}],"wp:attachment":[{"href":"https:\/\/www.rachelcomportementaliste.fr\/index.php\/wp-json\/wp\/v2\/media?parent=401"}],"curies":[{"name":"wp","href":"https:\/\/api.w.org\/{rel}","templated":true}]}}